{"id":842,"date":"2018-06-13T16:46:36","date_gmt":"2018-06-13T16:46:36","guid":{"rendered":"http:\/\/homeprojetos.com.br\/casasdemadeira\/?page_id=842"},"modified":"2023-08-04T15:20:37","modified_gmt":"2023-08-04T15:20:37","slug":"videos","status":"publish","type":"page","link":"https:\/\/homeprojetos.com.br\/casasdemadeira\/saiba-mais\/videos\/","title":{"rendered":"V\u00eddeos"},"content":{"rendered":"<p><strong>VIDEO EM DESTAQUE DE CASAS HOME PROJETOS:<\/strong><\/p>\n<p><strong>V\u00eddeo Projeto Araras 1 &#8211; Petr\u00f3polis &#8211; RJ <\/strong>(2018)<\/p>\n<div class=\"su-youtube su-u-responsive-media-yes\"><iframe loading=\"lazy\" width=\"600\" height=\"400\" src=\"https:\/\/www.youtube.com\/embed\/BNFt3gROA8k?\" frameborder=\"0\" allowfullscreen allow=\"autoplay; encrypted-media; picture-in-picture\" title=\"\"><\/iframe><\/div>\n<hr \/>\n<h3>FOTOS DE PROJETOS EM DESTAQUE:<\/h3>\n<div class=\"su-custom-gallery su-custom-gallery-align-left su-custom-gallery-title-hover su-lightbox-gallery\"><div class=\"su-custom-gallery-slide\" style=\"width:220px;height:150px\"><a href=\"https:\/\/homeprojetos.com.br\/casasdemadeira\/wp-content\/uploads\/2023\/08\/araras-v-01.jpg\" title=\"Casa de Madeira &#8211; Projeto Araras V\" data-rel=\"lightbox-image-0\" data-rl_title=\"Casa de Madeira &#8211; Projeto Araras V\" data-rl_caption=\"\"><img loading=\"lazy\" decoding=\"async\" src=\"https:\/\/homeprojetos.com.br\/casasdemadeira\/wp-content\/uploads\/2023\/08\/araras-v-01-220x150.jpg\" alt=\"Casa de Madeira &#8211; Projeto Araras V\" width=\"220\" height=\"150\" \/><span class=\"su-custom-gallery-title\">Casa de Madeira &#8211; Projeto Araras V<\/span><\/a><\/div><div class=\"su-custom-gallery-slide\" style=\"width:220px;height:150px\"><a href=\"https:\/\/homeprojetos.com.br\/casasdemadeira\/wp-content\/uploads\/2023\/08\/araras-v-02.jpg\" title=\"Casa de Madeira &#8211; Projeto Araras V\" data-rel=\"lightbox-image-1\" data-rl_title=\"Casa de Madeira &#8211; Projeto Araras V\" data-rl_caption=\"\"><img loading=\"lazy\" decoding=\"async\" src=\"https:\/\/homeprojetos.com.br\/casasdemadeira\/wp-content\/uploads\/2023\/08\/araras-v-02-220x150.jpg\" alt=\"Casa de Madeira &#8211; Projeto Araras V\" width=\"220\" height=\"150\" \/><span class=\"su-custom-gallery-title\">Casa de Madeira &#8211; Projeto Araras V<\/span><\/a><\/div><div class=\"su-custom-gallery-slide\" style=\"width:220px;height:150px\"><a href=\"https:\/\/homeprojetos.com.br\/casasdemadeira\/wp-content\/uploads\/2023\/08\/araras-v-03.jpg\" title=\"Casa de Madeira &#8211; Projeto Araras V\" data-rel=\"lightbox-image-2\" data-rl_title=\"Casa de Madeira &#8211; Projeto Araras V\" data-rl_caption=\"\"><img loading=\"lazy\" decoding=\"async\" src=\"https:\/\/homeprojetos.com.br\/casasdemadeira\/wp-content\/uploads\/2023\/08\/araras-v-03-220x150.jpg\" alt=\"Casa de Madeira &#8211; Projeto Araras V\" width=\"220\" height=\"150\" \/><span class=\"su-custom-gallery-title\">Casa de Madeira &#8211; Projeto Araras V<\/span><\/a><\/div><div class=\"su-custom-gallery-slide\" style=\"width:220px;height:150px\"><a href=\"https:\/\/homeprojetos.com.br\/casasdemadeira\/wp-content\/uploads\/2023\/08\/araras-v-04.jpg\" title=\"Casa de Madeira &#8211; Projeto Araras V\" data-rel=\"lightbox-image-3\" data-rl_title=\"Casa de Madeira &#8211; Projeto Araras V\" data-rl_caption=\"\"><img loading=\"lazy\" decoding=\"async\" src=\"https:\/\/homeprojetos.com.br\/casasdemadeira\/wp-content\/uploads\/2023\/08\/araras-v-04-220x150.jpg\" alt=\"Casa de Madeira &#8211; Projeto Araras V\" width=\"220\" height=\"150\" \/><span class=\"su-custom-gallery-title\">Casa de Madeira &#8211; Projeto Araras V<\/span><\/a><\/div><div class=\"su-custom-gallery-slide\" style=\"width:220px;height:150px\"><a href=\"https:\/\/homeprojetos.com.br\/casasdemadeira\/wp-content\/uploads\/2023\/08\/projeto-araras-iv-01.jpg\" title=\"Casa de Madeira &#8211; Projeto Araras IV\" data-rel=\"lightbox-image-4\" data-rl_title=\"Casa de Madeira &#8211; Projeto Araras IV\" data-rl_caption=\"\"><img loading=\"lazy\" decoding=\"async\" src=\"https:\/\/homeprojetos.com.br\/casasdemadeira\/wp-content\/uploads\/2023\/08\/projeto-araras-iv-01-220x150.jpg\" alt=\"Casa de Madeira &#8211; Projeto Araras IV\" width=\"220\" height=\"150\" \/><span class=\"su-custom-gallery-title\">Casa de Madeira &#8211; Projeto Araras IV<\/span><\/a><\/div><div class=\"su-custom-gallery-slide\" style=\"width:220px;height:150px\"><a href=\"https:\/\/homeprojetos.com.br\/casasdemadeira\/wp-content\/uploads\/2023\/08\/projeto-araras-iv-02.jpg\" title=\"Casa de Madeira &#8211; Projeto Araras IV\" data-rel=\"lightbox-image-5\" data-rl_title=\"Casa de Madeira &#8211; Projeto Araras IV\" data-rl_caption=\"\"><img loading=\"lazy\" decoding=\"async\" src=\"https:\/\/homeprojetos.com.br\/casasdemadeira\/wp-content\/uploads\/2023\/08\/projeto-araras-iv-02-220x150.jpg\" alt=\"Casa de Madeira &#8211; Projeto Araras IV\" width=\"220\" height=\"150\" \/><span class=\"su-custom-gallery-title\">Casa de Madeira &#8211; Projeto Araras IV<\/span><\/a><\/div><div class=\"su-custom-gallery-slide\" style=\"width:220px;height:150px\"><a href=\"https:\/\/homeprojetos.com.br\/casasdemadeira\/wp-content\/uploads\/2023\/08\/projeto-araras-iv-03.jpg\" title=\"Projeto Araras IV\" data-rel=\"lightbox-image-6\" data-rl_title=\"Projeto Araras IV\" data-rl_caption=\"\"><img loading=\"lazy\" decoding=\"async\" src=\"https:\/\/homeprojetos.com.br\/casasdemadeira\/wp-content\/uploads\/2023\/08\/projeto-araras-iv-03-220x150.jpg\" alt=\"Projeto Araras IV\" width=\"220\" height=\"150\" \/><span class=\"su-custom-gallery-title\">Projeto Araras IV<\/span><\/a><\/div><div class=\"su-custom-gallery-slide\" style=\"width:220px;height:150px\"><a href=\"https:\/\/homeprojetos.com.br\/casasdemadeira\/wp-content\/uploads\/2023\/08\/projeto-araras-iv-04.jpg\" title=\"Casa de Madeira &#8211; Projeto Araras IV\" data-rel=\"lightbox-image-7\" data-rl_title=\"Casa de Madeira &#8211; Projeto Araras IV\" data-rl_caption=\"\"><img loading=\"lazy\" decoding=\"async\" src=\"https:\/\/homeprojetos.com.br\/casasdemadeira\/wp-content\/uploads\/2023\/08\/projeto-araras-iv-04-220x150.jpg\" alt=\"Casa de Madeira &#8211; Projeto Araras IV\" width=\"220\" height=\"150\" \/><span class=\"su-custom-gallery-title\">Casa de Madeira &#8211; Projeto Araras IV<\/span><\/a><\/div><div class=\"su-custom-gallery-slide\" style=\"width:220px;height:150px\"><a href=\"https:\/\/homeprojetos.com.br\/casasdemadeira\/wp-content\/uploads\/2023\/08\/araras-3-pb-01.jpg\" title=\"Casa de Madeira &#8211; Projeto Araras III\" data-rel=\"lightbox-image-8\" data-rl_title=\"Casa de Madeira &#8211; Projeto Araras III\" data-rl_caption=\"\"><img loading=\"lazy\" decoding=\"async\" src=\"https:\/\/homeprojetos.com.br\/casasdemadeira\/wp-content\/uploads\/2023\/08\/araras-3-pb-01-220x150.jpg\" alt=\"Casa de Madeira &#8211; Projeto Araras III\" width=\"220\" height=\"150\" \/><span class=\"su-custom-gallery-title\">Casa de Madeira &#8211; Projeto Araras III<\/span><\/a><\/div><div class=\"su-custom-gallery-slide\" style=\"width:220px;height:150px\"><a href=\"https:\/\/homeprojetos.com.br\/casasdemadeira\/wp-content\/uploads\/2023\/08\/araras-3-pb-02.jpg\" title=\"Casa de Madeira &#8211; Projeto Araras III\" data-rel=\"lightbox-image-9\" data-rl_title=\"Casa de Madeira &#8211; Projeto Araras III\" data-rl_caption=\"\"><img loading=\"lazy\" decoding=\"async\" src=\"https:\/\/homeprojetos.com.br\/casasdemadeira\/wp-content\/uploads\/2023\/08\/araras-3-pb-02-220x150.jpg\" alt=\"Casa de Madeira &#8211; Projeto Araras III\" width=\"220\" height=\"150\" \/><span class=\"su-custom-gallery-title\">Casa de Madeira &#8211; Projeto Araras III<\/span><\/a><\/div><div class=\"su-custom-gallery-slide\" style=\"width:220px;height:150px\"><a href=\"https:\/\/homeprojetos.com.br\/casasdemadeira\/wp-content\/uploads\/2023\/08\/araras-3-pb-03.jpg\" title=\"Casa de Madeira &#8211; Projeto Araras III\" data-rel=\"lightbox-image-10\" data-rl_title=\"Casa de Madeira &#8211; Projeto Araras III\" data-rl_caption=\"\"><img loading=\"lazy\" decoding=\"async\" src=\"https:\/\/homeprojetos.com.br\/casasdemadeira\/wp-content\/uploads\/2023\/08\/araras-3-pb-03-220x150.jpg\" alt=\"Casa de Madeira &#8211; Projeto Araras III\" width=\"220\" height=\"150\" \/><span class=\"su-custom-gallery-title\">Casa de Madeira &#8211; Projeto Araras III<\/span><\/a><\/div><div class=\"su-custom-gallery-slide\" style=\"width:220px;height:150px\"><a href=\"https:\/\/homeprojetos.com.br\/casasdemadeira\/wp-content\/uploads\/2023\/08\/araras-3-pb-04.jpg\" title=\"Casa de Madeira &#8211; Projeto Araras III\" data-rel=\"lightbox-image-11\" data-rl_title=\"Casa de Madeira &#8211; Projeto Araras III\" data-rl_caption=\"\"><img loading=\"lazy\" decoding=\"async\" src=\"https:\/\/homeprojetos.com.br\/casasdemadeira\/wp-content\/uploads\/2023\/08\/araras-3-pb-04-220x150.jpg\" alt=\"Casa de Madeira &#8211; Projeto Araras III\" width=\"220\" height=\"150\" \/><span class=\"su-custom-gallery-title\">Casa de Madeira &#8211; Projeto Araras III<\/span><\/a><\/div><div class=\"su-custom-gallery-slide\" style=\"width:220px;height:150px\"><a href=\"https:\/\/homeprojetos.com.br\/casasdemadeira\/wp-content\/uploads\/2023\/08\/araras-3-pb-05.jpg\" title=\"Casa de Madeira &#8211; Projeto Araras III\" data-rel=\"lightbox-image-12\" data-rl_title=\"Casa de Madeira &#8211; Projeto Araras III\" data-rl_caption=\"\"><img loading=\"lazy\" decoding=\"async\" src=\"https:\/\/homeprojetos.com.br\/casasdemadeira\/wp-content\/uploads\/2023\/08\/araras-3-pb-05-220x150.jpg\" alt=\"Casa de Madeira &#8211; Projeto Araras III\" width=\"220\" height=\"150\" \/><span class=\"su-custom-gallery-title\">Casa de Madeira &#8211; Projeto Araras III<\/span><\/a><\/div><div class=\"su-custom-gallery-slide\" style=\"width:220px;height:150px\"><a href=\"https:\/\/homeprojetos.com.br\/casasdemadeira\/wp-content\/uploads\/2023\/08\/araras_tf_01.jpg\" title=\"Casas de Madeira, Projeto Araras II\" data-rel=\"lightbox-image-13\" data-rl_title=\"Casas de Madeira, Projeto Araras II\" data-rl_caption=\"\"><img loading=\"lazy\" decoding=\"async\" src=\"https:\/\/homeprojetos.com.br\/casasdemadeira\/wp-content\/uploads\/2023\/08\/araras_tf_01-220x150.jpg\" alt=\"Casas de Madeira, Projeto Araras II\" width=\"220\" height=\"150\" \/><span class=\"su-custom-gallery-title\">Casas de Madeira, Projeto Araras II<\/span><\/a><\/div><div class=\"su-custom-gallery-slide\" style=\"width:220px;height:150px\"><a href=\"https:\/\/homeprojetos.com.br\/casasdemadeira\/wp-content\/uploads\/2023\/08\/araras_tf_02.jpg\" title=\"Casas de Madeira, Projeto Araras II\" data-rel=\"lightbox-image-14\" data-rl_title=\"Casas de Madeira, Projeto Araras II\" data-rl_caption=\"\"><img loading=\"lazy\" decoding=\"async\" src=\"https:\/\/homeprojetos.com.br\/casasdemadeira\/wp-content\/uploads\/2023\/08\/araras_tf_02-220x150.jpg\" alt=\"Casas de Madeira, Projeto Araras II\" width=\"220\" height=\"150\" \/><span class=\"su-custom-gallery-title\">Casas de Madeira, Projeto Araras II<\/span><\/a><\/div><div class=\"su-custom-gallery-slide\" style=\"width:220px;height:150px\"><a href=\"https:\/\/homeprojetos.com.br\/casasdemadeira\/wp-content\/uploads\/2023\/08\/araras_tf_03.jpg\" title=\"Casas de Madeira, Projeto Araras II\" data-rel=\"lightbox-image-15\" data-rl_title=\"Casas de Madeira, Projeto Araras II\" data-rl_caption=\"\"><img loading=\"lazy\" decoding=\"async\" src=\"https:\/\/homeprojetos.com.br\/casasdemadeira\/wp-content\/uploads\/2023\/08\/araras_tf_03-220x150.jpg\" alt=\"Casas de Madeira, Projeto Araras II\" width=\"220\" height=\"150\" \/><span class=\"su-custom-gallery-title\">Casas de Madeira, Projeto Araras II<\/span><\/a><\/div><div class=\"su-custom-gallery-slide\" style=\"width:220px;height:150px\"><a href=\"https:\/\/homeprojetos.com.br\/casasdemadeira\/wp-content\/uploads\/2023\/08\/araras_tf_04.jpg\" title=\"Casas de Madeira, Projeto Araras II\" data-rel=\"lightbox-image-16\" data-rl_title=\"Casas de Madeira, Projeto Araras II\" data-rl_caption=\"\"><img loading=\"lazy\" decoding=\"async\" src=\"https:\/\/homeprojetos.com.br\/casasdemadeira\/wp-content\/uploads\/2023\/08\/araras_tf_04-220x150.jpg\" alt=\"Casas de Madeira, Projeto Araras II\" width=\"220\" height=\"150\" \/><span class=\"su-custom-gallery-title\">Casas de Madeira, Projeto Araras II<\/span><\/a><\/div><div class=\"su-custom-gallery-slide\" style=\"width:220px;height:150px\"><a href=\"https:\/\/homeprojetos.com.br\/casasdemadeira\/wp-content\/uploads\/2023\/08\/cuiaba_01.jpg\" title=\"Casa de Madeira Projeto Vale do Cuiab\u00e1\" data-rel=\"lightbox-image-17\" data-rl_title=\"Casa de Madeira Projeto Vale do Cuiab\u00e1\" data-rl_caption=\"\"><img loading=\"lazy\" decoding=\"async\" src=\"https:\/\/homeprojetos.com.br\/casasdemadeira\/wp-content\/uploads\/2023\/08\/cuiaba_01-220x150.jpg\" alt=\"Casa de Madeira Projeto Vale do Cuiab\u00e1\" width=\"220\" height=\"150\" \/><span class=\"su-custom-gallery-title\">Casa de Madeira Projeto Vale do Cuiab\u00e1<\/span><\/a><\/div><div class=\"su-custom-gallery-slide\" style=\"width:220px;height:150px\"><a href=\"https:\/\/homeprojetos.com.br\/casasdemadeira\/wp-content\/uploads\/2023\/08\/cuiaba_02.jpg\" title=\"Casa de Madeira Projeto Vale do Cuiab\u00e1\" data-rel=\"lightbox-image-18\" data-rl_title=\"Casa de Madeira Projeto Vale do Cuiab\u00e1\" data-rl_caption=\"\"><img loading=\"lazy\" decoding=\"async\" src=\"https:\/\/homeprojetos.com.br\/casasdemadeira\/wp-content\/uploads\/2023\/08\/cuiaba_02-220x150.jpg\" alt=\"Casa de Madeira Projeto Vale do Cuiab\u00e1\" width=\"220\" height=\"150\" \/><span class=\"su-custom-gallery-title\">Casa de Madeira Projeto Vale do Cuiab\u00e1<\/span><\/a><\/div><div class=\"su-custom-gallery-slide\" style=\"width:220px;height:150px\"><a href=\"https:\/\/homeprojetos.com.br\/casasdemadeira\/wp-content\/uploads\/2023\/08\/cuiaba_03.jpg\" title=\"Casa de Madeira Projeto Vale do Cuiab\u00e1\" data-rel=\"lightbox-image-19\" data-rl_title=\"Casa de Madeira Projeto Vale do Cuiab\u00e1\" data-rl_caption=\"\"><img loading=\"lazy\" decoding=\"async\" src=\"https:\/\/homeprojetos.com.br\/casasdemadeira\/wp-content\/uploads\/2023\/08\/cuiaba_03-220x150.jpg\" alt=\"Casa de Madeira Projeto Vale do Cuiab\u00e1\" width=\"220\" height=\"150\" \/><span class=\"su-custom-gallery-title\">Casa de Madeira Projeto Vale do Cuiab\u00e1<\/span><\/a><\/div><div class=\"su-custom-gallery-slide\" style=\"width:220px;height:150px\"><a href=\"https:\/\/homeprojetos.com.br\/casasdemadeira\/wp-content\/uploads\/2023\/08\/cuiaba_04.jpg\" title=\"Casa de Madeira Projeto Vale do Cuiab\u00e1\" data-rel=\"lightbox-image-20\" data-rl_title=\"Casa de Madeira Projeto Vale do Cuiab\u00e1\" data-rl_caption=\"\"><img loading=\"lazy\" decoding=\"async\" src=\"https:\/\/homeprojetos.com.br\/casasdemadeira\/wp-content\/uploads\/2023\/08\/cuiaba_04-220x150.jpg\" alt=\"Casa de Madeira Projeto Vale do Cuiab\u00e1\" width=\"220\" height=\"150\" \/><span class=\"su-custom-gallery-title\">Casa de Madeira Projeto Vale do Cuiab\u00e1<\/span><\/a><\/div><div class=\"su-custom-gallery-slide\" style=\"width:220px;height:150px\"><a href=\"https:\/\/homeprojetos.com.br\/casasdemadeira\/wp-content\/uploads\/2023\/08\/vale-das-videira-01.jpg\" title=\"Casas de Madeira Projeto Vale das Videiras\" data-rel=\"lightbox-image-21\" data-rl_title=\"Casas de Madeira Projeto Vale das Videiras\" data-rl_caption=\"\"><img loading=\"lazy\" decoding=\"async\" src=\"https:\/\/homeprojetos.com.br\/casasdemadeira\/wp-content\/uploads\/2023\/08\/vale-das-videira-01-220x150.jpg\" alt=\"Casas de Madeira Projeto Vale das Videiras\" width=\"220\" height=\"150\" \/><span class=\"su-custom-gallery-title\">Casas de Madeira Projeto Vale das Videiras<\/span><\/a><\/div><div class=\"su-custom-gallery-slide\" style=\"width:220px;height:150px\"><a href=\"https:\/\/homeprojetos.com.br\/casasdemadeira\/wp-content\/uploads\/2023\/08\/vale-das-videira-02.jpg\" title=\"Casas de Madeira Projeto Vale das Videiras\" data-rel=\"lightbox-image-22\" data-rl_title=\"Casas de Madeira Projeto Vale das Videiras\" data-rl_caption=\"\"><img loading=\"lazy\" decoding=\"async\" src=\"https:\/\/homeprojetos.com.br\/casasdemadeira\/wp-content\/uploads\/2023\/08\/vale-das-videira-02-220x150.jpg\" alt=\"Casas de Madeira Projeto Vale das Videiras\" width=\"220\" height=\"150\" \/><span class=\"su-custom-gallery-title\">Casas de Madeira Projeto Vale das Videiras<\/span><\/a><\/div><div class=\"su-custom-gallery-slide\" style=\"width:220px;height:150px\"><a href=\"https:\/\/homeprojetos.com.br\/casasdemadeira\/wp-content\/uploads\/2023\/08\/vale-das-videira-03.jpg\" title=\"Casas de Madeira Projeto Vale das Videiras\" data-rel=\"lightbox-image-23\" data-rl_title=\"Casas de Madeira Projeto Vale das Videiras\" data-rl_caption=\"\"><img loading=\"lazy\" decoding=\"async\" src=\"https:\/\/homeprojetos.com.br\/casasdemadeira\/wp-content\/uploads\/2023\/08\/vale-das-videira-03-220x150.jpg\" alt=\"Casas de Madeira Projeto Vale das Videiras\" width=\"220\" height=\"150\" \/><span class=\"su-custom-gallery-title\">Casas de Madeira Projeto Vale das Videiras<\/span><\/a><\/div><div class=\"su-custom-gallery-slide\" style=\"width:220px;height:150px\"><a href=\"https:\/\/homeprojetos.com.br\/casasdemadeira\/wp-content\/uploads\/2023\/08\/vale-das-videira-04.jpg\" title=\"Casas de Madeira Projeto Vale das Videiras\" data-rel=\"lightbox-image-24\" data-rl_title=\"Casas de Madeira Projeto Vale das Videiras\" data-rl_caption=\"\"><img loading=\"lazy\" decoding=\"async\" src=\"https:\/\/homeprojetos.com.br\/casasdemadeira\/wp-content\/uploads\/2023\/08\/vale-das-videira-04-220x150.jpg\" alt=\"Casas de Madeira Projeto Vale das Videiras\" width=\"220\" height=\"150\" \/><span class=\"su-custom-gallery-title\">Casas de Madeira Projeto Vale das Videiras<\/span><\/a><\/div><div class=\"su-custom-gallery-slide\" style=\"width:220px;height:150px\"><a href=\"https:\/\/homeprojetos.com.br\/casasdemadeira\/wp-content\/uploads\/2023\/08\/Projeto_Serrinha_tere_01.jpg\" title=\"Projeto Serrinha Teres\u00f3polis\" data-rel=\"lightbox-image-25\" data-rl_title=\"Projeto Serrinha Teres\u00f3polis\" data-rl_caption=\"\"><img loading=\"lazy\" decoding=\"async\" src=\"https:\/\/homeprojetos.com.br\/casasdemadeira\/wp-content\/uploads\/2023\/08\/Projeto_Serrinha_tere_01-220x150.jpg\" alt=\"Projeto Serrinha Teres\u00f3polis\" width=\"220\" height=\"150\" \/><span class=\"su-custom-gallery-title\">Projeto Serrinha Teres\u00f3polis<\/span><\/a><\/div><div class=\"su-custom-gallery-slide\" style=\"width:220px;height:150px\"><a href=\"https:\/\/homeprojetos.com.br\/casasdemadeira\/wp-content\/uploads\/2023\/08\/Projeto_Serrinha_tere_02.jpg\" title=\"Projeto Serrinha Teres\u00f3polis\" data-rel=\"lightbox-image-26\" data-rl_title=\"Projeto Serrinha Teres\u00f3polis\" data-rl_caption=\"\"><img loading=\"lazy\" decoding=\"async\" src=\"https:\/\/homeprojetos.com.br\/casasdemadeira\/wp-content\/uploads\/2023\/08\/Projeto_Serrinha_tere_02-220x150.jpg\" alt=\"Projeto Serrinha Teres\u00f3polis\" width=\"220\" height=\"150\" \/><span class=\"su-custom-gallery-title\">Projeto Serrinha Teres\u00f3polis<\/span><\/a><\/div><div class=\"su-custom-gallery-slide\" style=\"width:220px;height:150px\"><a href=\"https:\/\/homeprojetos.com.br\/casasdemadeira\/wp-content\/uploads\/2023\/08\/Projeto_Serrinha_tere_03.jpg\" title=\"Projeto Serrinha Teres\u00f3polis\" data-rel=\"lightbox-image-27\" data-rl_title=\"Projeto Serrinha Teres\u00f3polis\" data-rl_caption=\"\"><img loading=\"lazy\" decoding=\"async\" src=\"https:\/\/homeprojetos.com.br\/casasdemadeira\/wp-content\/uploads\/2023\/08\/Projeto_Serrinha_tere_03-220x150.jpg\" alt=\"Projeto Serrinha Teres\u00f3polis\" width=\"220\" height=\"150\" \/><span class=\"su-custom-gallery-title\">Projeto Serrinha Teres\u00f3polis<\/span><\/a><\/div><div class=\"su-custom-gallery-slide\" style=\"width:220px;height:150px\"><a href=\"https:\/\/homeprojetos.com.br\/casasdemadeira\/wp-content\/uploads\/2023\/08\/Projeto_Serrinha_tere_04.jpg\" title=\"Projeto Serrinha Teres\u00f3polis\" data-rel=\"lightbox-image-28\" data-rl_title=\"Projeto Serrinha Teres\u00f3polis\" data-rl_caption=\"\"><img loading=\"lazy\" decoding=\"async\" src=\"https:\/\/homeprojetos.com.br\/casasdemadeira\/wp-content\/uploads\/2023\/08\/Projeto_Serrinha_tere_04-220x150.jpg\" alt=\"Projeto Serrinha Teres\u00f3polis\" width=\"220\" height=\"150\" \/><span class=\"su-custom-gallery-title\">Projeto Serrinha Teres\u00f3polis<\/span><\/a><\/div><div class=\"su-custom-gallery-slide\" style=\"width:220px;height:150px\"><a href=\"https:\/\/homeprojetos.com.br\/casasdemadeira\/wp-content\/uploads\/2023\/08\/saopedro_02.jpg\" title=\"Projeto S\u00e3o Pedro da Serra\" data-rel=\"lightbox-image-29\" data-rl_title=\"Projeto S\u00e3o Pedro da Serra\" data-rl_caption=\"\"><img loading=\"lazy\" decoding=\"async\" src=\"https:\/\/homeprojetos.com.br\/casasdemadeira\/wp-content\/uploads\/2023\/08\/saopedro_02-220x150.jpg\" alt=\"Projeto S\u00e3o Pedro da Serra\" width=\"220\" height=\"150\" \/><span class=\"su-custom-gallery-title\">Projeto S\u00e3o Pedro da Serra<\/span><\/a><\/div><div class=\"su-custom-gallery-slide\" style=\"width:220px;height:150px\"><a href=\"https:\/\/homeprojetos.com.br\/casasdemadeira\/wp-content\/uploads\/2023\/08\/saopedro_03.jpg\" title=\"Projeto S\u00e3o Pedro da Serra\" data-rel=\"lightbox-image-30\" data-rl_title=\"Projeto S\u00e3o Pedro da Serra\" data-rl_caption=\"\"><img loading=\"lazy\" decoding=\"async\" src=\"https:\/\/homeprojetos.com.br\/casasdemadeira\/wp-content\/uploads\/2023\/08\/saopedro_03-220x150.jpg\" alt=\"Projeto S\u00e3o Pedro da Serra\" width=\"220\" height=\"150\" \/><span class=\"su-custom-gallery-title\">Projeto S\u00e3o Pedro da Serra<\/span><\/a><\/div><div class=\"su-custom-gallery-slide\" style=\"width:220px;height:150px\"><a href=\"https:\/\/homeprojetos.com.br\/casasdemadeira\/wp-content\/uploads\/2023\/08\/saopedro_04.jpg\" title=\"Projeto S\u00e3o Pedro da Serra\" data-rel=\"lightbox-image-31\" data-rl_title=\"Projeto S\u00e3o Pedro da Serra\" data-rl_caption=\"\"><img loading=\"lazy\" decoding=\"async\" src=\"https:\/\/homeprojetos.com.br\/casasdemadeira\/wp-content\/uploads\/2023\/08\/saopedro_04-220x150.jpg\" alt=\"Projeto S\u00e3o Pedro da Serra\" width=\"220\" height=\"150\" \/><span class=\"su-custom-gallery-title\">Projeto S\u00e3o Pedro da Serra<\/span><\/a><\/div><div class=\"su-custom-gallery-slide\" style=\"width:220px;height:150px\"><a href=\"https:\/\/homeprojetos.com.br\/casasdemadeira\/wp-content\/uploads\/2023\/08\/saopedro_01.jpg\" title=\"Projeto S\u00e3o Pedro da Serra\" data-rel=\"lightbox-image-32\" data-rl_title=\"Projeto S\u00e3o Pedro da Serra\" data-rl_caption=\"\"><img loading=\"lazy\" decoding=\"async\" src=\"https:\/\/homeprojetos.com.br\/casasdemadeira\/wp-content\/uploads\/2023\/08\/saopedro_01-220x150.jpg\" alt=\"Projeto S\u00e3o Pedro da Serra\" width=\"220\" height=\"150\" \/><span class=\"su-custom-gallery-title\">Projeto S\u00e3o Pedro da Serra<\/span><\/a><\/div><div class=\"su-custom-gallery-slide\" style=\"width:220px;height:150px\"><a href=\"https:\/\/homeprojetos.com.br\/casasdemadeira\/wp-content\/uploads\/2023\/08\/secretario01.jpg\" title=\"Projeto Secret\u00e1rio\" data-rel=\"lightbox-image-33\" data-rl_title=\"Projeto Secret\u00e1rio\" data-rl_caption=\"\"><img loading=\"lazy\" decoding=\"async\" src=\"https:\/\/homeprojetos.com.br\/casasdemadeira\/wp-content\/uploads\/2023\/08\/secretario01-220x150.jpg\" alt=\"Projeto Secret\u00e1rio\" width=\"220\" height=\"150\" \/><span class=\"su-custom-gallery-title\">Projeto Secret\u00e1rio<\/span><\/a><\/div><div class=\"su-custom-gallery-slide\" style=\"width:220px;height:150px\"><a href=\"https:\/\/homeprojetos.com.br\/casasdemadeira\/wp-content\/uploads\/2023\/08\/secretario02.jpg\" title=\"Projeto Secret\u00e1rio\" data-rel=\"lightbox-image-34\" data-rl_title=\"Projeto Secret\u00e1rio\" data-rl_caption=\"\"><img loading=\"lazy\" decoding=\"async\" src=\"https:\/\/homeprojetos.com.br\/casasdemadeira\/wp-content\/uploads\/2023\/08\/secretario02-220x150.jpg\" alt=\"Projeto Secret\u00e1rio\" width=\"220\" height=\"150\" \/><span class=\"su-custom-gallery-title\">Projeto Secret\u00e1rio<\/span><\/a><\/div><div class=\"su-custom-gallery-slide\" style=\"width:220px;height:150px\"><a href=\"https:\/\/homeprojetos.com.br\/casasdemadeira\/wp-content\/uploads\/2023\/08\/secretario03.jpg\" title=\"Projeto Secret\u00e1rio\" data-rel=\"lightbox-image-35\" data-rl_title=\"Projeto Secret\u00e1rio\" data-rl_caption=\"\"><img loading=\"lazy\" decoding=\"async\" src=\"https:\/\/homeprojetos.com.br\/casasdemadeira\/wp-content\/uploads\/2023\/08\/secretario03-220x150.jpg\" alt=\"Projeto Secret\u00e1rio\" width=\"220\" height=\"150\" \/><span class=\"su-custom-gallery-title\">Projeto Secret\u00e1rio<\/span><\/a><\/div><div class=\"su-custom-gallery-slide\" style=\"width:220px;height:150px\"><a href=\"https:\/\/homeprojetos.com.br\/casasdemadeira\/wp-content\/uploads\/2023\/08\/secretario04.jpg\" title=\"Projeto Secret\u00e1rio\" data-rel=\"lightbox-image-36\" data-rl_title=\"Projeto Secret\u00e1rio\" data-rl_caption=\"\"><img loading=\"lazy\" decoding=\"async\" src=\"https:\/\/homeprojetos.com.br\/casasdemadeira\/wp-content\/uploads\/2023\/08\/secretario04-220x150.jpg\" alt=\"Projeto Secret\u00e1rio\" width=\"220\" height=\"150\" \/><span class=\"su-custom-gallery-title\">Projeto Secret\u00e1rio<\/span><\/a><\/div><div class=\"su-custom-gallery-slide\" style=\"width:220px;height:150px\"><a href=\"https:\/\/homeprojetos.com.br\/casasdemadeira\/wp-content\/uploads\/2023\/08\/araras-vi-01.jpg\" title=\"Casa de Madeira &#8211; Projeto Araras VI\" data-rel=\"lightbox-image-37\" data-rl_title=\"Casa de Madeira &#8211; Projeto Araras VI\" data-rl_caption=\"\"><img loading=\"lazy\" decoding=\"async\" src=\"https:\/\/homeprojetos.com.br\/casasdemadeira\/wp-content\/uploads\/2023\/08\/araras-vi-01-220x150.jpg\" alt=\"Casa de Madeira &#8211; Projeto Araras VI\" width=\"220\" height=\"150\" \/><span class=\"su-custom-gallery-title\">Casa de Madeira &#8211; Projeto Araras VI<\/span><\/a><\/div><div class=\"su-custom-gallery-slide\" style=\"width:220px;height:150px\"><a href=\"https:\/\/homeprojetos.com.br\/casasdemadeira\/wp-content\/uploads\/2023\/08\/araras-vi-02.jpg\" title=\"Casa de Madeira &#8211; Projeto Araras VI\" data-rel=\"lightbox-image-38\" data-rl_title=\"Casa de Madeira &#8211; Projeto Araras VI\" data-rl_caption=\"\"><img loading=\"lazy\" decoding=\"async\" src=\"https:\/\/homeprojetos.com.br\/casasdemadeira\/wp-content\/uploads\/2023\/08\/araras-vi-02-220x150.jpg\" alt=\"Casa de Madeira &#8211; Projeto Araras VI\" width=\"220\" height=\"150\" \/><span class=\"su-custom-gallery-title\">Casa de Madeira &#8211; Projeto Araras VI<\/span><\/a><\/div><div class=\"su-custom-gallery-slide\" style=\"width:220px;height:150px\"><a href=\"https:\/\/homeprojetos.com.br\/casasdemadeira\/wp-content\/uploads\/2023\/08\/araras-vi-03.jpg\" title=\"Casa de Madeira &#8211; Projeto Araras VI\" data-rel=\"lightbox-image-39\" data-rl_title=\"Casa de Madeira &#8211; Projeto Araras VI\" data-rl_caption=\"\"><img loading=\"lazy\" decoding=\"async\" src=\"https:\/\/homeprojetos.com.br\/casasdemadeira\/wp-content\/uploads\/2023\/08\/araras-vi-03-220x150.jpg\" alt=\"Casa de Madeira &#8211; Projeto Araras VI\" width=\"220\" height=\"150\" \/><span class=\"su-custom-gallery-title\">Casa de Madeira &#8211; Projeto Araras VI<\/span><\/a><\/div><div class=\"su-custom-gallery-slide\" style=\"width:220px;height:150px\"><a href=\"https:\/\/homeprojetos.com.br\/casasdemadeira\/wp-content\/uploads\/2021\/01\/santa01-1.jpg\" title=\"Projeto Santa M\u00f4nica\" data-rel=\"lightbox-image-40\" data-rl_title=\"Projeto Santa M\u00f4nica\" data-rl_caption=\"\"><img loading=\"lazy\" decoding=\"async\" src=\"https:\/\/homeprojetos.com.br\/casasdemadeira\/wp-content\/uploads\/2021\/01\/santa01-1-220x150.jpg\" alt=\"Projeto Santa M\u00f4nica\" width=\"220\" height=\"150\" \/><span class=\"su-custom-gallery-title\">Projeto Santa M\u00f4nica<\/span><\/a><\/div><div class=\"su-custom-gallery-slide\" style=\"width:220px;height:150px\"><a href=\"https:\/\/homeprojetos.com.br\/casasdemadeira\/wp-content\/uploads\/2021\/01\/santa09.jpg\" title=\"Projeto Santa M\u00f4nica\" data-rel=\"lightbox-image-41\" data-rl_title=\"Projeto Santa M\u00f4nica\" data-rl_caption=\"\"><img loading=\"lazy\" decoding=\"async\" src=\"https:\/\/homeprojetos.com.br\/casasdemadeira\/wp-content\/uploads\/2021\/01\/santa09-220x150.jpg\" alt=\"Projeto Santa M\u00f4nica\" width=\"220\" height=\"150\" \/><span class=\"su-custom-gallery-title\">Projeto Santa M\u00f4nica<\/span><\/a><\/div><div class=\"su-custom-gallery-slide\" style=\"width:220px;height:150px\"><a href=\"https:\/\/homeprojetos.com.br\/casasdemadeira\/wp-content\/uploads\/2021\/01\/santa08.jpg\" title=\"Projeto Santa M\u00f4nica\" data-rel=\"lightbox-image-42\" data-rl_title=\"Projeto Santa M\u00f4nica\" data-rl_caption=\"\"><img loading=\"lazy\" decoding=\"async\" src=\"https:\/\/homeprojetos.com.br\/casasdemadeira\/wp-content\/uploads\/2021\/01\/santa08-220x150.jpg\" alt=\"Projeto Santa M\u00f4nica\" width=\"220\" height=\"150\" \/><span class=\"su-custom-gallery-title\">Projeto Santa M\u00f4nica<\/span><\/a><\/div><div class=\"su-custom-gallery-slide\" style=\"width:220px;height:150px\"><a href=\"https:\/\/homeprojetos.com.br\/casasdemadeira\/wp-content\/uploads\/2021\/01\/santa07.jpg\" title=\"Projeto Santa M\u00f4nica\" data-rel=\"lightbox-image-43\" data-rl_title=\"Projeto Santa M\u00f4nica\" data-rl_caption=\"\"><img loading=\"lazy\" decoding=\"async\" src=\"https:\/\/homeprojetos.com.br\/casasdemadeira\/wp-content\/uploads\/2021\/01\/santa07-220x150.jpg\" alt=\"Projeto Santa M\u00f4nica\" width=\"220\" height=\"150\" \/><span class=\"su-custom-gallery-title\">Projeto Santa M\u00f4nica<\/span><\/a><\/div><div class=\"su-custom-gallery-slide\" style=\"width:220px;height:150px\"><a href=\"https:\/\/homeprojetos.com.br\/casasdemadeira\/wp-content\/uploads\/2021\/01\/santa06.jpg\" title=\"Projeto Santa M\u00f4nica\" data-rel=\"lightbox-image-44\" data-rl_title=\"Projeto Santa M\u00f4nica\" data-rl_caption=\"\"><img loading=\"lazy\" decoding=\"async\" src=\"https:\/\/homeprojetos.com.br\/casasdemadeira\/wp-content\/uploads\/2021\/01\/santa06-220x150.jpg\" alt=\"Projeto Santa M\u00f4nica\" width=\"220\" height=\"150\" \/><span class=\"su-custom-gallery-title\">Projeto Santa M\u00f4nica<\/span><\/a><\/div><div class=\"su-custom-gallery-slide\" style=\"width:220px;height:150px\"><a href=\"https:\/\/homeprojetos.com.br\/casasdemadeira\/wp-content\/uploads\/2021\/01\/santa05.jpg\" title=\"Projeto Santa M\u00f4nica\" data-rel=\"lightbox-image-45\" data-rl_title=\"Projeto Santa M\u00f4nica\" data-rl_caption=\"\"><img loading=\"lazy\" decoding=\"async\" src=\"https:\/\/homeprojetos.com.br\/casasdemadeira\/wp-content\/uploads\/2021\/01\/santa05-220x150.jpg\" alt=\"Projeto Santa M\u00f4nica\" width=\"220\" height=\"150\" \/><span class=\"su-custom-gallery-title\">Projeto Santa M\u00f4nica<\/span><\/a><\/div><div class=\"su-custom-gallery-slide\" style=\"width:220px;height:150px\"><a href=\"https:\/\/homeprojetos.com.br\/casasdemadeira\/wp-content\/uploads\/2021\/01\/santa04.jpg\" title=\"Projeto Santa M\u00f4nica\" data-rel=\"lightbox-image-46\" data-rl_title=\"Projeto Santa M\u00f4nica\" data-rl_caption=\"\"><img loading=\"lazy\" decoding=\"async\" src=\"https:\/\/homeprojetos.com.br\/casasdemadeira\/wp-content\/uploads\/2021\/01\/santa04-220x150.jpg\" alt=\"Projeto Santa M\u00f4nica\" width=\"220\" height=\"150\" \/><span class=\"su-custom-gallery-title\">Projeto Santa M\u00f4nica<\/span><\/a><\/div><div class=\"su-custom-gallery-slide\" style=\"width:220px;height:150px\"><a href=\"https:\/\/homeprojetos.com.br\/casasdemadeira\/wp-content\/uploads\/2021\/01\/santa03.jpg\" title=\"Projeto Santa M\u00f4nica\" data-rel=\"lightbox-image-47\" data-rl_title=\"Projeto Santa M\u00f4nica\" data-rl_caption=\"\"><img loading=\"lazy\" decoding=\"async\" src=\"https:\/\/homeprojetos.com.br\/casasdemadeira\/wp-content\/uploads\/2021\/01\/santa03-220x150.jpg\" alt=\"Projeto Santa M\u00f4nica\" width=\"220\" height=\"150\" \/><span class=\"su-custom-gallery-title\">Projeto Santa M\u00f4nica<\/span><\/a><\/div><div class=\"su-custom-gallery-slide\" style=\"width:220px;height:150px\"><a href=\"https:\/\/homeprojetos.com.br\/casasdemadeira\/wp-content\/uploads\/2021\/01\/santa02.jpg\" title=\"Projeto Santa M\u00f4nica\" data-rel=\"lightbox-image-48\" data-rl_title=\"Projeto Santa M\u00f4nica\" data-rl_caption=\"\"><img loading=\"lazy\" decoding=\"async\" src=\"https:\/\/homeprojetos.com.br\/casasdemadeira\/wp-content\/uploads\/2021\/01\/santa02-220x150.jpg\" alt=\"Projeto Santa M\u00f4nica\" width=\"220\" height=\"150\" \/><span class=\"su-custom-gallery-title\">Projeto Santa M\u00f4nica<\/span><\/a><\/div><div class=\"su-custom-gallery-slide\" style=\"width:220px;height:150px\"><a href=\"https:\/\/homeprojetos.com.br\/casasdemadeira\/wp-content\/uploads\/2020\/04\/ab01.jpg\" title=\"Projeto Ana B Nogueira\" data-rel=\"lightbox-image-49\" data-rl_title=\"Projeto Ana B Nogueira\" data-rl_caption=\"\"><img loading=\"lazy\" decoding=\"async\" src=\"https:\/\/homeprojetos.com.br\/casasdemadeira\/wp-content\/uploads\/2020\/04\/ab01-220x150.jpg\" alt=\"Projeto Ana B Nogueira\" width=\"220\" height=\"150\" \/><span class=\"su-custom-gallery-title\">Projeto Ana B Nogueira<\/span><\/a><\/div><div class=\"su-custom-gallery-slide\" style=\"width:220px;height:150px\"><a href=\"https:\/\/homeprojetos.com.br\/casasdemadeira\/wp-content\/uploads\/2020\/04\/ab02.jpg\" title=\"Projeto Ana B Nogueira\" data-rel=\"lightbox-image-50\" data-rl_title=\"Projeto Ana B Nogueira\" data-rl_caption=\"\"><img loading=\"lazy\" decoding=\"async\" src=\"https:\/\/homeprojetos.com.br\/casasdemadeira\/wp-content\/uploads\/2020\/04\/ab02-220x150.jpg\" alt=\"Projeto Ana B Nogueira\" width=\"220\" height=\"150\" \/><span class=\"su-custom-gallery-title\">Projeto Ana B Nogueira<\/span><\/a><\/div><div class=\"su-custom-gallery-slide\" style=\"width:220px;height:150px\"><a href=\"https:\/\/homeprojetos.com.br\/casasdemadeira\/wp-content\/uploads\/2020\/04\/ab03.jpg\" title=\"Projeto Ana B Nogueira\" data-rel=\"lightbox-image-51\" data-rl_title=\"Projeto Ana B Nogueira\" data-rl_caption=\"\"><img loading=\"lazy\" decoding=\"async\" src=\"https:\/\/homeprojetos.com.br\/casasdemadeira\/wp-content\/uploads\/2020\/04\/ab03-220x150.jpg\" alt=\"Projeto Ana B Nogueira\" width=\"220\" height=\"150\" \/><span class=\"su-custom-gallery-title\">Projeto Ana B Nogueira<\/span><\/a><\/div><div class=\"su-custom-gallery-slide\" style=\"width:220px;height:150px\"><a href=\"https:\/\/homeprojetos.com.br\/casasdemadeira\/wp-content\/uploads\/2020\/04\/ab04.jpg\" title=\"Projeto Ana B Nogueira\" data-rel=\"lightbox-image-52\" data-rl_title=\"Projeto Ana B Nogueira\" data-rl_caption=\"\"><img loading=\"lazy\" decoding=\"async\" src=\"https:\/\/homeprojetos.com.br\/casasdemadeira\/wp-content\/uploads\/2020\/04\/ab04-220x150.jpg\" alt=\"Projeto Ana B Nogueira\" width=\"220\" height=\"150\" \/><span class=\"su-custom-gallery-title\">Projeto Ana B Nogueira<\/span><\/a><\/div><div class=\"su-custom-gallery-slide\" style=\"width:220px;height:150px\"><a href=\"https:\/\/homeprojetos.com.br\/casasdemadeira\/wp-content\/uploads\/2020\/04\/ab05.jpg\" title=\"Projeto Ana B Nogueira\" data-rel=\"lightbox-image-53\" data-rl_title=\"Projeto Ana B Nogueira\" data-rl_caption=\"\"><img loading=\"lazy\" decoding=\"async\" src=\"https:\/\/homeprojetos.com.br\/casasdemadeira\/wp-content\/uploads\/2020\/04\/ab05-220x150.jpg\" alt=\"Projeto Ana B Nogueira\" width=\"220\" height=\"150\" \/><span class=\"su-custom-gallery-title\">Projeto Ana B Nogueira<\/span><\/a><\/div><div class=\"su-custom-gallery-slide\" style=\"width:220px;height:150px\"><a href=\"https:\/\/homeprojetos.com.br\/casasdemadeira\/wp-content\/uploads\/2018\/05\/101.jpg\" title=\"Casas de madeira &#8211; Projeto Araras I\" data-rel=\"lightbox-image-54\" data-rl_title=\"Casas de madeira &#8211; Projeto Araras I\" data-rl_caption=\"\"><img loading=\"lazy\" decoding=\"async\" src=\"https:\/\/homeprojetos.com.br\/casasdemadeira\/wp-content\/uploads\/2018\/05\/101.jpg\" alt=\"Casas de madeira &#8211; Projeto Araras I\" width=\"220\" height=\"150\" \/><span class=\"su-custom-gallery-title\">Casas de madeira &#8211; Projeto Araras I<\/span><\/a><\/div><div class=\"su-custom-gallery-slide\" style=\"width:220px;height:150px\"><a href=\"https:\/\/homeprojetos.com.br\/casasdemadeira\/wp-content\/uploads\/2018\/05\/102.jpg\" title=\"Casas de madeira &#8211; Projeto Araras I\" data-rel=\"lightbox-image-55\" data-rl_title=\"Casas de madeira &#8211; Projeto Araras I\" data-rl_caption=\"\"><img loading=\"lazy\" decoding=\"async\" src=\"https:\/\/homeprojetos.com.br\/casasdemadeira\/wp-content\/uploads\/2018\/05\/102.jpg\" alt=\"Casas de madeira &#8211; Projeto Araras I\" width=\"220\" height=\"150\" \/><span class=\"su-custom-gallery-title\">Casas de madeira &#8211; Projeto Araras I<\/span><\/a><\/div><div class=\"su-custom-gallery-slide\" style=\"width:220px;height:150px\"><a href=\"https:\/\/homeprojetos.com.br\/casasdemadeira\/wp-content\/uploads\/2017\/11\/050.jpg\" title=\"Casas de madeira com alvenaria\" data-rel=\"lightbox-image-56\" data-rl_title=\"Casas de madeira com alvenaria\" data-rl_caption=\"\"><img loading=\"lazy\" decoding=\"async\" src=\"https:\/\/homeprojetos.com.br\/casasdemadeira\/wp-content\/uploads\/2017\/11\/050.jpg\" alt=\"Casas de madeira com alvenaria\" width=\"220\" height=\"150\" \/><span class=\"su-custom-gallery-title\">Casas de madeira com alvenaria<\/span><\/a><\/div><div class=\"su-custom-gallery-slide\" style=\"width:220px;height:150px\"><a href=\"https:\/\/homeprojetos.com.br\/casasdemadeira\/wp-content\/uploads\/2017\/11\/051.jpg\" title=\"Casas de madeira com alvenaria\" data-rel=\"lightbox-image-57\" data-rl_title=\"Casas de madeira com alvenaria\" data-rl_caption=\"\"><img loading=\"lazy\" decoding=\"async\" src=\"https:\/\/homeprojetos.com.br\/casasdemadeira\/wp-content\/uploads\/2017\/11\/051.jpg\" alt=\"Casas de madeira com alvenaria\" width=\"220\" height=\"150\" \/><span class=\"su-custom-gallery-title\">Casas de madeira com alvenaria<\/span><\/a><\/div><div class=\"su-custom-gallery-slide\" style=\"width:220px;height:150px\"><a href=\"https:\/\/homeprojetos.com.br\/casasdemadeira\/wp-content\/uploads\/2017\/11\/canoas_foto3.jpg\" title=\"Condom\u00ednio Canoas, Teres\u00f3polis &#8211; Casas de madeira HOME PROJETOS\" data-rel=\"lightbox-image-58\" data-rl_title=\"Condom\u00ednio Canoas, Teres\u00f3polis &#8211; Casas de madeira HOME PROJETOS\" data-rl_caption=\"\"><img loading=\"lazy\" decoding=\"async\" src=\"https:\/\/homeprojetos.com.br\/casasdemadeira\/wp-content\/uploads\/2017\/11\/canoas_foto3.jpg\" alt=\"Condom\u00ednio Canoas, Teres\u00f3polis &#8211; Casas de madeira HOME PROJETOS\" width=\"220\" height=\"150\" \/><span class=\"su-custom-gallery-title\">Condom\u00ednio Canoas, Teres\u00f3polis &#8211; Casas de madeira HOME PROJETOS<\/span><\/a><\/div><div class=\"su-custom-gallery-slide\" style=\"width:220px;height:150px\"><a href=\"https:\/\/homeprojetos.com.br\/casasdemadeira\/wp-content\/uploads\/2017\/11\/canoas_foto2.jpg\" title=\"Condom\u00ednio Canoas, Teres\u00f3polis &#8211; Casas de madeira HOME PROJETOS\" data-rel=\"lightbox-image-59\" data-rl_title=\"Condom\u00ednio Canoas, Teres\u00f3polis &#8211; Casas de madeira HOME PROJETOS\" data-rl_caption=\"\"><img loading=\"lazy\" decoding=\"async\" src=\"https:\/\/homeprojetos.com.br\/casasdemadeira\/wp-content\/uploads\/2017\/11\/canoas_foto2.jpg\" alt=\"Condom\u00ednio Canoas, Teres\u00f3polis &#8211; Casas de madeira HOME PROJETOS\" width=\"220\" height=\"150\" \/><span class=\"su-custom-gallery-title\">Condom\u00ednio Canoas, Teres\u00f3polis &#8211; Casas de madeira HOME PROJETOS<\/span><\/a><\/div><div class=\"su-custom-gallery-slide\" style=\"width:220px;height:150px\"><a href=\"https:\/\/homeprojetos.com.br\/casasdemadeira\/wp-content\/uploads\/2017\/11\/canoas_foto1.jpg\" title=\"Condom\u00ednio Canoas, Teres\u00f3polis &#8211; Casas de madeira HOME PROJETOS\" data-rel=\"lightbox-image-60\" data-rl_title=\"Condom\u00ednio Canoas, Teres\u00f3polis &#8211; Casas de madeira HOME PROJETOS\" data-rl_caption=\"\"><img loading=\"lazy\" decoding=\"async\" src=\"https:\/\/homeprojetos.com.br\/casasdemadeira\/wp-content\/uploads\/2017\/11\/canoas_foto1.jpg\" alt=\"Condom\u00ednio Canoas, Teres\u00f3polis &#8211; Casas de madeira HOME PROJETOS\" width=\"220\" height=\"150\" \/><span class=\"su-custom-gallery-title\">Condom\u00ednio Canoas, Teres\u00f3polis &#8211; Casas de madeira HOME PROJETOS<\/span><\/a><\/div><div class=\"su-custom-gallery-slide\" style=\"width:220px;height:150px\"><a href=\"https:\/\/homeprojetos.com.br\/casasdemadeira\/wp-content\/uploads\/2017\/11\/foto05.jpg\" title=\"Comary, Teres\u00f3polis, Casas de madeira, HOME PROJETOS\" data-rel=\"lightbox-image-61\" data-rl_title=\"Comary, Teres\u00f3polis, Casas de madeira, HOME PROJETOS\" data-rl_caption=\"\"><img loading=\"lazy\" decoding=\"async\" src=\"https:\/\/homeprojetos.com.br\/casasdemadeira\/wp-content\/uploads\/2017\/11\/foto05.jpg\" alt=\"Comary, Teres\u00f3polis, Casas de madeira, HOME PROJETOS\" width=\"220\" height=\"150\" \/><span class=\"su-custom-gallery-title\">Comary, Teres\u00f3polis, Casas de madeira, HOME PROJETOS<\/span><\/a><\/div><div class=\"su-custom-gallery-slide\" style=\"width:220px;height:150px\"><a href=\"https:\/\/homeprojetos.com.br\/casasdemadeira\/wp-content\/uploads\/2017\/11\/foto03-2.jpg\" title=\"Comary, Teres\u00f3polis, Casas de madeira, HOME PROJETOS\" data-rel=\"lightbox-image-62\" data-rl_title=\"Comary, Teres\u00f3polis, Casas de madeira, HOME PROJETOS\" data-rl_caption=\"\"><img loading=\"lazy\" decoding=\"async\" src=\"https:\/\/homeprojetos.com.br\/casasdemadeira\/wp-content\/uploads\/2017\/11\/foto03-2.jpg\" alt=\"Comary, Teres\u00f3polis, Casas de madeira, HOME PROJETOS\" width=\"220\" height=\"150\" \/><span class=\"su-custom-gallery-title\">Comary, Teres\u00f3polis, Casas de madeira, HOME PROJETOS<\/span><\/a><\/div><div class=\"su-custom-gallery-slide\" style=\"width:220px;height:150px\"><a href=\"https:\/\/homeprojetos.com.br\/casasdemadeira\/wp-content\/uploads\/2017\/11\/foto02-3.jpg\" title=\"Comary, Teres\u00f3polis &#8211; Casas de madeira\" data-rel=\"lightbox-image-63\" data-rl_title=\"Comary, Teres\u00f3polis &#8211; Casas de madeira\" data-rl_caption=\"\"><img loading=\"lazy\" decoding=\"async\" src=\"https:\/\/homeprojetos.com.br\/casasdemadeira\/wp-content\/uploads\/2017\/11\/foto02-3.jpg\" alt=\"Comary, Teres\u00f3polis &#8211; Casas de madeira\" width=\"220\" height=\"150\" \/><span class=\"su-custom-gallery-title\">Comary, Teres\u00f3polis &#8211; Casas de madeira<\/span><\/a><\/div><div class=\"su-custom-gallery-slide\" style=\"width:220px;height:150px\"><a href=\"https:\/\/homeprojetos.com.br\/casasdemadeira\/wp-content\/uploads\/2017\/11\/foto01-4.jpg\" title=\"Comary, Teres\u00f3polis &#8211; Casas de madeira\" data-rel=\"lightbox-image-64\" data-rl_title=\"Comary, Teres\u00f3polis &#8211; Casas de madeira\" data-rl_caption=\"\"><img loading=\"lazy\" decoding=\"async\" src=\"https:\/\/homeprojetos.com.br\/casasdemadeira\/wp-content\/uploads\/2017\/11\/foto01-4.jpg\" alt=\"Comary, Teres\u00f3polis &#8211; Casas de madeira\" width=\"220\" height=\"150\" \/><span class=\"su-custom-gallery-title\">Comary, Teres\u00f3polis &#8211; Casas de madeira<\/span><\/a><\/div><div class=\"su-custom-gallery-slide\" style=\"width:220px;height:150px\"><a href=\"https:\/\/homeprojetos.com.br\/casasdemadeira\/wp-content\/uploads\/2017\/11\/foto07.jpg\" title=\"Deo Garcez, Teres\u00f3polis &#8211; Casas de madeira HOME PROJETOS\" data-rel=\"lightbox-image-65\" data-rl_title=\"Deo Garcez, Teres\u00f3polis &#8211; Casas de madeira HOME PROJETOS\" data-rl_caption=\"\"><img loading=\"lazy\" decoding=\"async\" src=\"https:\/\/homeprojetos.com.br\/casasdemadeira\/wp-content\/uploads\/2017\/11\/foto07.jpg\" alt=\"Deo Garcez, Teres\u00f3polis &#8211; Casas de madeira HOME PROJETOS\" width=\"220\" height=\"150\" \/><span class=\"su-custom-gallery-title\">Deo Garcez, Teres\u00f3polis &#8211; Casas de madeira HOME PROJETOS<\/span><\/a><\/div><div class=\"su-custom-gallery-slide\" style=\"width:220px;height:150px\"><a href=\"https:\/\/homeprojetos.com.br\/casasdemadeira\/wp-content\/uploads\/2017\/11\/foto09a.jpg\" title=\"Deo Garcez, Teres\u00f3polis &#8211; Casas de madeira HOME PROJETOS\" data-rel=\"lightbox-image-66\" data-rl_title=\"Deo Garcez, Teres\u00f3polis &#8211; Casas de madeira HOME PROJETOS\" data-rl_caption=\"\"><img loading=\"lazy\" decoding=\"async\" src=\"https:\/\/homeprojetos.com.br\/casasdemadeira\/wp-content\/uploads\/2017\/11\/foto09a.jpg\" alt=\"Deo Garcez, Teres\u00f3polis &#8211; Casas de madeira HOME PROJETOS\" width=\"220\" height=\"150\" \/><span class=\"su-custom-gallery-title\">Deo Garcez, Teres\u00f3polis &#8211; Casas de madeira HOME PROJETOS<\/span><\/a><\/div><div class=\"su-custom-gallery-slide\" style=\"width:220px;height:150px\"><a href=\"https:\/\/homeprojetos.com.br\/casasdemadeira\/wp-content\/uploads\/2017\/11\/foto06-1.jpg\" title=\"Deo Garcez, Teres\u00f3polis &#8211; Casas de madeira HOME PROJETOS\" data-rel=\"lightbox-image-67\" data-rl_title=\"Deo Garcez, Teres\u00f3polis &#8211; Casas de madeira HOME PROJETOS\" data-rl_caption=\"\"><img loading=\"lazy\" decoding=\"async\" src=\"https:\/\/homeprojetos.com.br\/casasdemadeira\/wp-content\/uploads\/2017\/11\/foto06-1.jpg\" alt=\"Deo Garcez, Teres\u00f3polis &#8211; Casas de madeira HOME PROJETOS\" width=\"220\" height=\"150\" \/><span class=\"su-custom-gallery-title\">Deo Garcez, Teres\u00f3polis &#8211; Casas de madeira HOME PROJETOS<\/span><\/a><\/div><div class=\"su-custom-gallery-slide\" style=\"width:220px;height:150px\"><a href=\"https:\/\/homeprojetos.com.br\/casasdemadeira\/wp-content\/uploads\/2017\/11\/foto08.jpg\" title=\"Deo Garcez, Teres\u00f3polis &#8211; Casas de madeira HOME PROJETOS\" data-rel=\"lightbox-image-68\" data-rl_title=\"Deo Garcez, Teres\u00f3polis &#8211; Casas de madeira HOME PROJETOS\" data-rl_caption=\"\"><img loading=\"lazy\" decoding=\"async\" src=\"https:\/\/homeprojetos.com.br\/casasdemadeira\/wp-content\/uploads\/2017\/11\/foto08.jpg\" alt=\"Deo Garcez, Teres\u00f3polis &#8211; Casas de madeira HOME PROJETOS\" width=\"220\" height=\"150\" \/><span class=\"su-custom-gallery-title\">Deo Garcez, Teres\u00f3polis &#8211; Casas de madeira HOME PROJETOS<\/span><\/a><\/div><div class=\"su-custom-gallery-slide\" style=\"width:220px;height:150px\"><a href=\"https:\/\/homeprojetos.com.br\/casasdemadeira\/wp-content\/uploads\/2017\/11\/foto05-2.jpg\" title=\"&#8211; Casas de madeira HOME PROJETOS\" data-rel=\"lightbox-image-69\" data-rl_title=\"&#8211; Casas de madeira HOME PROJETOS\" data-rl_caption=\"\"><img loading=\"lazy\" decoding=\"async\" src=\"https:\/\/homeprojetos.com.br\/casasdemadeira\/wp-content\/uploads\/2017\/11\/foto05-2.jpg\" alt=\"&#8211; Casas de madeira HOME PROJETOS\" width=\"220\" height=\"150\" \/><span class=\"su-custom-gallery-title\">&#8211; Casas de madeira HOME PROJETOS<\/span><\/a><\/div><div class=\"su-custom-gallery-slide\" style=\"width:220px;height:150px\"><a href=\"https:\/\/homeprojetos.com.br\/casasdemadeira\/wp-content\/uploads\/2017\/11\/foto04-1.jpg\" title=\"Deo Garcez, Teres\u00f3polis &#8211; Casas de madeira HOME PROJETOS\" data-rel=\"lightbox-image-70\" data-rl_title=\"Deo Garcez, Teres\u00f3polis &#8211; Casas de madeira HOME PROJETOS\" data-rl_caption=\"\"><img loading=\"lazy\" decoding=\"async\" src=\"https:\/\/homeprojetos.com.br\/casasdemadeira\/wp-content\/uploads\/2017\/11\/foto04-1.jpg\" alt=\"Deo Garcez, Teres\u00f3polis &#8211; Casas de madeira HOME PROJETOS\" width=\"220\" height=\"150\" \/><span class=\"su-custom-gallery-title\">Deo Garcez, Teres\u00f3polis &#8211; Casas de madeira HOME PROJETOS<\/span><\/a><\/div><div class=\"su-custom-gallery-slide\" style=\"width:220px;height:150px\"><a href=\"https:\/\/homeprojetos.com.br\/casasdemadeira\/wp-content\/uploads\/2017\/11\/foto03-4.jpg\" title=\"Deo Garcez, Teres\u00f3polis &#8211; Casas de madeira HOME PROJETOS\" data-rel=\"lightbox-image-71\" data-rl_title=\"Deo Garcez, Teres\u00f3polis &#8211; Casas de madeira HOME PROJETOS\" data-rl_caption=\"\"><img loading=\"lazy\" decoding=\"async\" src=\"https:\/\/homeprojetos.com.br\/casasdemadeira\/wp-content\/uploads\/2017\/11\/foto03-4.jpg\" alt=\"Deo Garcez, Teres\u00f3polis &#8211; Casas de madeira HOME PROJETOS\" width=\"220\" height=\"150\" \/><span class=\"su-custom-gallery-title\">Deo Garcez, Teres\u00f3polis &#8211; Casas de madeira HOME PROJETOS<\/span><\/a><\/div><div class=\"su-custom-gallery-slide\" style=\"width:220px;height:150px\"><a href=\"https:\/\/homeprojetos.com.br\/casasdemadeira\/wp-content\/uploads\/2017\/11\/foto02-5.jpg\" title=\"Deo Garcez, Teres\u00f3polis &#8211; Casas de madeira HOME PROJETOS\" data-rel=\"lightbox-image-72\" data-rl_title=\"Deo Garcez, Teres\u00f3polis &#8211; Casas de madeira HOME PROJETOS\" data-rl_caption=\"\"><img loading=\"lazy\" decoding=\"async\" src=\"https:\/\/homeprojetos.com.br\/casasdemadeira\/wp-content\/uploads\/2017\/11\/foto02-5.jpg\" alt=\"Deo Garcez, Teres\u00f3polis &#8211; Casas de madeira HOME PROJETOS\" width=\"220\" height=\"150\" \/><span class=\"su-custom-gallery-title\">Deo Garcez, Teres\u00f3polis &#8211; Casas de madeira HOME PROJETOS<\/span><\/a><\/div><div class=\"su-custom-gallery-slide\" style=\"width:220px;height:150px\"><a href=\"https:\/\/homeprojetos.com.br\/casasdemadeira\/wp-content\/uploads\/2017\/11\/foto01-6.jpg\" title=\"Deo Garcez, Teres\u00f3polis &#8211; Casas de madeira HOME PROJETOS\" data-rel=\"lightbox-image-73\" data-rl_title=\"Deo Garcez, Teres\u00f3polis &#8211; Casas de madeira HOME PROJETOS\" data-rl_caption=\"\"><img loading=\"lazy\" decoding=\"async\" src=\"https:\/\/homeprojetos.com.br\/casasdemadeira\/wp-content\/uploads\/2017\/11\/foto01-6.jpg\" alt=\"Deo Garcez, Teres\u00f3polis &#8211; Casas de madeira HOME PROJETOS\" width=\"220\" height=\"150\" \/><span class=\"su-custom-gallery-title\">Deo Garcez, Teres\u00f3polis &#8211; Casas de madeira HOME PROJETOS<\/span><\/a><\/div><div class=\"su-custom-gallery-slide\" style=\"width:220px;height:150px\"><a href=\"https:\/\/homeprojetos.com.br\/casasdemadeira\/wp-content\/uploads\/2017\/11\/foto10-1.jpg\" title=\"Rio das Flores &#8211; Casas de madeira HOME PROJETOS\" data-rel=\"lightbox-image-74\" data-rl_title=\"Rio das Flores &#8211; Casas de madeira HOME PROJETOS\" data-rl_caption=\"\"><img loading=\"lazy\" decoding=\"async\" src=\"https:\/\/homeprojetos.com.br\/casasdemadeira\/wp-content\/uploads\/2017\/11\/foto10-1.jpg\" alt=\"Rio das Flores &#8211; Casas de madeira HOME PROJETOS\" width=\"220\" height=\"150\" \/><span class=\"su-custom-gallery-title\">Rio das Flores &#8211; Casas de madeira HOME PROJETOS<\/span><\/a><\/div><div class=\"su-custom-gallery-slide\" style=\"width:220px;height:150px\"><a href=\"https:\/\/homeprojetos.com.br\/casasdemadeira\/wp-content\/uploads\/2017\/11\/foto02-8.jpg\" title=\"Rio das Flores &#8211; Casas de madeira HOME PROJETOS\" data-rel=\"lightbox-image-75\" data-rl_title=\"Rio das Flores &#8211; Casas de madeira HOME PROJETOS\" data-rl_caption=\"\"><img loading=\"lazy\" decoding=\"async\" src=\"https:\/\/homeprojetos.com.br\/casasdemadeira\/wp-content\/uploads\/2017\/11\/foto02-8.jpg\" alt=\"Rio das Flores &#8211; Casas de madeira HOME PROJETOS\" width=\"220\" height=\"150\" \/><span class=\"su-custom-gallery-title\">Rio das Flores &#8211; Casas de madeira HOME PROJETOS<\/span><\/a><\/div><div class=\"su-custom-gallery-slide\" style=\"width:220px;height:150px\"><a href=\"https:\/\/homeprojetos.com.br\/casasdemadeira\/wp-content\/uploads\/2017\/11\/foto01-9.jpg\" title=\"Rio das Flores &#8211; Casas de madeira HOME PROJETOS\" data-rel=\"lightbox-image-76\" data-rl_title=\"Rio das Flores &#8211; Casas de madeira HOME PROJETOS\" data-rl_caption=\"\"><img loading=\"lazy\" decoding=\"async\" src=\"https:\/\/homeprojetos.com.br\/casasdemadeira\/wp-content\/uploads\/2017\/11\/foto01-9.jpg\" alt=\"Rio das Flores &#8211; Casas de madeira HOME PROJETOS\" width=\"220\" height=\"150\" \/><span class=\"su-custom-gallery-title\">Rio das Flores &#8211; Casas de madeira HOME PROJETOS<\/span><\/a><\/div><div class=\"su-custom-gallery-slide\" style=\"width:220px;height:150px\"><a href=\"https:\/\/homeprojetos.com.br\/casasdemadeira\/wp-content\/uploads\/2017\/11\/foto03-6.jpg\" title=\"Rio das Flores &#8211; Casas de madeira HOME PROJETOS\" data-rel=\"lightbox-image-77\" data-rl_title=\"Rio das Flores &#8211; Casas de madeira HOME PROJETOS\" data-rl_caption=\"\"><img loading=\"lazy\" decoding=\"async\" src=\"https:\/\/homeprojetos.com.br\/casasdemadeira\/wp-content\/uploads\/2017\/11\/foto03-6.jpg\" alt=\"Rio das Flores &#8211; Casas de madeira HOME PROJETOS\" width=\"220\" height=\"150\" \/><span class=\"su-custom-gallery-title\">Rio das Flores &#8211; Casas de madeira HOME PROJETOS<\/span><\/a><\/div><div class=\"su-custom-gallery-slide\" style=\"width:220px;height:150px\"><a href=\"https:\/\/homeprojetos.com.br\/casasdemadeira\/wp-content\/uploads\/2017\/11\/foto05-4.jpg\" title=\"Rio das Flores &#8211; Casas de madeira HOME PROJETOS\" data-rel=\"lightbox-image-78\" data-rl_title=\"Rio das Flores &#8211; Casas de madeira HOME PROJETOS\" data-rl_caption=\"\"><img loading=\"lazy\" decoding=\"async\" src=\"https:\/\/homeprojetos.com.br\/casasdemadeira\/wp-content\/uploads\/2017\/11\/foto05-4.jpg\" alt=\"Rio das Flores &#8211; Casas de madeira HOME PROJETOS\" width=\"220\" height=\"150\" \/><span class=\"su-custom-gallery-title\">Rio das Flores &#8211; Casas de madeira HOME PROJETOS<\/span><\/a><\/div><div class=\"su-custom-gallery-slide\" style=\"width:220px;height:150px\"><a href=\"https:\/\/homeprojetos.com.br\/casasdemadeira\/wp-content\/uploads\/2017\/11\/foto04-3.jpg\" title=\"Rio das Flores &#8211; Casas de madeira HOME PROJETOS\" data-rel=\"lightbox-image-79\" data-rl_title=\"Rio das Flores &#8211; Casas de madeira HOME PROJETOS\" data-rl_caption=\"\"><img loading=\"lazy\" decoding=\"async\" src=\"https:\/\/homeprojetos.com.br\/casasdemadeira\/wp-content\/uploads\/2017\/11\/foto04-3.jpg\" alt=\"Rio das Flores &#8211; Casas de madeira HOME PROJETOS\" width=\"220\" height=\"150\" \/><span class=\"su-custom-gallery-title\">Rio das Flores &#8211; Casas de madeira HOME PROJETOS<\/span><\/a><\/div><div class=\"su-clear\"><\/div><\/div>\n<hr \/>\n<p>&nbsp;<\/p>\n","protected":false},"excerpt":{"rendered":"<p>VIDEO EM DESTAQUE DE CASAS HOME PROJETOS: V\u00eddeo Projeto Araras 1 &#8211; Petr\u00f3polis &#8211; RJ (2018) FOTOS DE PROJETOS EM DESTAQUE: &nbsp;<\/p>\n","protected":false},"author":2,"featured_media":0,"parent":64,"menu_order":11,"comment_status":"closed","ping_status":"closed","template":"","meta":{"footnotes":"","_links_to":"","_links_to_target":""},"class_list":["post-842","page","type-page","status-publish","hentry"],"yoast_head":"<!-- This site is optimized with the Yoast SEO plugin v24.9 - https:\/\/yoast.com\/wordpress\/plugins\/seo\/ -->\n<title>Casas de Madeira - Home Projetos Constru\u00e7\u00e3o de Casas de Madeira RJ<\/title>\n<meta name=\"description\" content=\"Casas de madeira e chal\u00e9s, Projeto e constru\u00e7\u00e3o, casas pr\u00e9 fabricadas, arquitetura exclusiva, alto padr\u00e3o, valorizamos a topografia e espa\u00e7o do seu terreno!\" \/>\n<meta name=\"robots\" content=\"index, follow, max-snippet:-1, max-image-preview:large, max-video-preview:-1\" \/>\n<link rel=\"canonical\" href=\"https:\/\/homeprojetos.com.br\/casasdemadeira\/saiba-mais\/videos\/\" \/>\n<meta property=\"og:locale\" content=\"pt_BR\" \/>\n<meta property=\"og:type\" content=\"article\" \/>\n<meta property=\"og:title\" content=\"Casas de Madeira - Home Projetos Constru\u00e7\u00e3o de Casas de Madeira RJ\" \/>\n<meta property=\"og:description\" content=\"Casas de madeira e chal\u00e9s, Projeto e constru\u00e7\u00e3o, casas pr\u00e9 fabricadas, arquitetura exclusiva, alto padr\u00e3o, valorizamos a topografia e espa\u00e7o do seu terreno!\" \/>\n<meta property=\"og:url\" content=\"https:\/\/homeprojetos.com.br\/casasdemadeira\/saiba-mais\/videos\/\" \/>\n<meta property=\"og:site_name\" content=\"HOME PROJETOS\" \/>\n<meta property=\"article:modified_time\" content=\"2023-08-04T15:20:37+00:00\" \/>\n<meta name=\"twitter:card\" content=\"summary_large_image\" \/>\n<meta name=\"twitter:label1\" content=\"Est. tempo de leitura\" \/>\n\t<meta name=\"twitter:data1\" content=\"1 minuto\" \/>\n<script type=\"application\/ld+json\" class=\"yoast-schema-graph\">{\"@context\":\"https:\/\/schema.org\",\"@graph\":[{\"@type\":\"WebPage\",\"@id\":\"https:\/\/homeprojetos.com.br\/casasdemadeira\/saiba-mais\/videos\/\",\"url\":\"https:\/\/homeprojetos.com.br\/casasdemadeira\/saiba-mais\/videos\/\",\"name\":\"Casas de Madeira - Home Projetos Constru\u00e7\u00e3o de Casas de Madeira RJ\",\"isPartOf\":{\"@id\":\"https:\/\/homeprojetos.com.br\/casasdemadeira\/#website\"},\"datePublished\":\"2018-06-13T16:46:36+00:00\",\"dateModified\":\"2023-08-04T15:20:37+00:00\",\"description\":\"Casas de madeira e chal\u00e9s, Projeto e constru\u00e7\u00e3o, casas pr\u00e9 fabricadas, arquitetura exclusiva, alto padr\u00e3o, valorizamos a topografia e espa\u00e7o do seu terreno!\",\"breadcrumb\":{\"@id\":\"https:\/\/homeprojetos.com.br\/casasdemadeira\/saiba-mais\/videos\/#breadcrumb\"},\"inLanguage\":\"pt-BR\",\"potentialAction\":[{\"@type\":\"ReadAction\",\"target\":[\"https:\/\/homeprojetos.com.br\/casasdemadeira\/saiba-mais\/videos\/\"]}]},{\"@type\":\"BreadcrumbList\",\"@id\":\"https:\/\/homeprojetos.com.br\/casasdemadeira\/saiba-mais\/videos\/#breadcrumb\",\"itemListElement\":[{\"@type\":\"ListItem\",\"position\":1,\"name\":\"In\u00edcio\",\"item\":\"https:\/\/homeprojetos.com.br\/casasdemadeira\/\"},{\"@type\":\"ListItem\",\"position\":2,\"name\":\"Saiba Mais\",\"item\":\"https:\/\/homeprojetos.com.br\/casasdemadeira\/saiba-mais\/\"},{\"@type\":\"ListItem\",\"position\":3,\"name\":\"V\u00eddeos\"}]},{\"@type\":\"WebSite\",\"@id\":\"https:\/\/homeprojetos.com.br\/casasdemadeira\/#website\",\"url\":\"https:\/\/homeprojetos.com.br\/casasdemadeira\/\",\"name\":\"HOME PROJETOS\",\"description\":\"Casas de Madeira com Projetos Exclusivos\",\"publisher\":{\"@id\":\"https:\/\/homeprojetos.com.br\/casasdemadeira\/#organization\"},\"potentialAction\":[{\"@type\":\"SearchAction\",\"target\":{\"@type\":\"EntryPoint\",\"urlTemplate\":\"https:\/\/homeprojetos.com.br\/casasdemadeira\/?s={search_term_string}\"},\"query-input\":{\"@type\":\"PropertyValueSpecification\",\"valueRequired\":true,\"valueName\":\"search_term_string\"}}],\"inLanguage\":\"pt-BR\"},{\"@type\":\"Organization\",\"@id\":\"https:\/\/homeprojetos.com.br\/casasdemadeira\/#organization\",\"name\":\"Home Projetos Casas de Madeira\",\"url\":\"https:\/\/homeprojetos.com.br\/casasdemadeira\/\",\"logo\":{\"@type\":\"ImageObject\",\"inLanguage\":\"pt-BR\",\"@id\":\"https:\/\/homeprojetos.com.br\/casasdemadeira\/#\/schema\/logo\/image\/\",\"url\":\"https:\/\/homeprojetos.com.br\/casasdemadeira\/wp-content\/uploads\/2017\/11\/logo_small.png\",\"contentUrl\":\"https:\/\/homeprojetos.com.br\/casasdemadeira\/wp-content\/uploads\/2017\/11\/logo_small.png\",\"width\":167,\"height\":42,\"caption\":\"Home Projetos Casas de Madeira\"},\"image\":{\"@id\":\"https:\/\/homeprojetos.com.br\/casasdemadeira\/#\/schema\/logo\/image\/\"}}]}<\/script>\n<!-- \/ Yoast SEO plugin. -->","yoast_head_json":{"title":"Casas de Madeira - Home Projetos Constru\u00e7\u00e3o de Casas de Madeira RJ","description":"Casas de madeira e chal\u00e9s, Projeto e constru\u00e7\u00e3o, casas pr\u00e9 fabricadas, arquitetura exclusiva, alto padr\u00e3o, valorizamos a topografia e espa\u00e7o do seu terreno!","robots":{"index":"index","follow":"follow","max-snippet":"max-snippet:-1","max-image-preview":"max-image-preview:large","max-video-preview":"max-video-preview:-1"},"canonical":"https:\/\/homeprojetos.com.br\/casasdemadeira\/saiba-mais\/videos\/","og_locale":"pt_BR","og_type":"article","og_title":"Casas de Madeira - Home Projetos Constru\u00e7\u00e3o de Casas de Madeira RJ","og_description":"Casas de madeira e chal\u00e9s, Projeto e constru\u00e7\u00e3o, casas pr\u00e9 fabricadas, arquitetura exclusiva, alto padr\u00e3o, valorizamos a topografia e espa\u00e7o do seu terreno!","og_url":"https:\/\/homeprojetos.com.br\/casasdemadeira\/saiba-mais\/videos\/","og_site_name":"HOME PROJETOS","article_modified_time":"2023-08-04T15:20:37+00:00","twitter_card":"summary_large_image","twitter_misc":{"Est. tempo de leitura":"1 minuto"},"schema":{"@context":"https:\/\/schema.org","@graph":[{"@type":"WebPage","@id":"https:\/\/homeprojetos.com.br\/casasdemadeira\/saiba-mais\/videos\/","url":"https:\/\/homeprojetos.com.br\/casasdemadeira\/saiba-mais\/videos\/","name":"Casas de Madeira - Home Projetos Constru\u00e7\u00e3o de Casas de Madeira RJ","isPartOf":{"@id":"https:\/\/homeprojetos.com.br\/casasdemadeira\/#website"},"datePublished":"2018-06-13T16:46:36+00:00","dateModified":"2023-08-04T15:20:37+00:00","description":"Casas de madeira e chal\u00e9s, Projeto e constru\u00e7\u00e3o, casas pr\u00e9 fabricadas, arquitetura exclusiva, alto padr\u00e3o, valorizamos a topografia e espa\u00e7o do seu terreno!","breadcrumb":{"@id":"https:\/\/homeprojetos.com.br\/casasdemadeira\/saiba-mais\/videos\/#breadcrumb"},"inLanguage":"pt-BR","potentialAction":[{"@type":"ReadAction","target":["https:\/\/homeprojetos.com.br\/casasdemadeira\/saiba-mais\/videos\/"]}]},{"@type":"BreadcrumbList","@id":"https:\/\/homeprojetos.com.br\/casasdemadeira\/saiba-mais\/videos\/#breadcrumb","itemListElement":[{"@type":"ListItem","position":1,"name":"In\u00edcio","item":"https:\/\/homeprojetos.com.br\/casasdemadeira\/"},{"@type":"ListItem","position":2,"name":"Saiba Mais","item":"https:\/\/homeprojetos.com.br\/casasdemadeira\/saiba-mais\/"},{"@type":"ListItem","position":3,"name":"V\u00eddeos"}]},{"@type":"WebSite","@id":"https:\/\/homeprojetos.com.br\/casasdemadeira\/#website","url":"https:\/\/homeprojetos.com.br\/casasdemadeira\/","name":"HOME PROJETOS","description":"Casas de Madeira com Projetos Exclusivos","publisher":{"@id":"https:\/\/homeprojetos.com.br\/casasdemadeira\/#organization"},"potentialAction":[{"@type":"SearchAction","target":{"@type":"EntryPoint","urlTemplate":"https:\/\/homeprojetos.com.br\/casasdemadeira\/?s={search_term_string}"},"query-input":{"@type":"PropertyValueSpecification","valueRequired":true,"valueName":"search_term_string"}}],"inLanguage":"pt-BR"},{"@type":"Organization","@id":"https:\/\/homeprojetos.com.br\/casasdemadeira\/#organization","name":"Home Projetos Casas de Madeira","url":"https:\/\/homeprojetos.com.br\/casasdemadeira\/","logo":{"@type":"ImageObject","inLanguage":"pt-BR","@id":"https:\/\/homeprojetos.com.br\/casasdemadeira\/#\/schema\/logo\/image\/","url":"https:\/\/homeprojetos.com.br\/casasdemadeira\/wp-content\/uploads\/2017\/11\/logo_small.png","contentUrl":"https:\/\/homeprojetos.com.br\/casasdemadeira\/wp-content\/uploads\/2017\/11\/logo_small.png","width":167,"height":42,"caption":"Home Projetos Casas de Madeira"},"image":{"@id":"https:\/\/homeprojetos.com.br\/casasdemadeira\/#\/schema\/logo\/image\/"}}]}},"_links":{"self":[{"href":"https:\/\/homeprojetos.com.br\/casasdemadeira\/wp-json\/wp\/v2\/pages\/842","targetHints":{"allow":["GET"]}}],"collection":[{"href":"https:\/\/homeprojetos.com.br\/casasdemadeira\/wp-json\/wp\/v2\/pages"}],"about":[{"href":"https:\/\/homeprojetos.com.br\/casasdemadeira\/wp-json\/wp\/v2\/types\/page"}],"author":[{"embeddable":true,"href":"https:\/\/homeprojetos.com.br\/casasdemadeira\/wp-json\/wp\/v2\/users\/2"}],"replies":[{"embeddable":true,"href":"https:\/\/homeprojetos.com.br\/casasdemadeira\/wp-json\/wp\/v2\/comments?post=842"}],"version-history":[{"count":17,"href":"https:\/\/homeprojetos.com.br\/casasdemadeira\/wp-json\/wp\/v2\/pages\/842\/revisions"}],"predecessor-version":[{"id":847,"href":"https:\/\/homeprojetos.com.br\/casasdemadeira\/wp-json\/wp\/v2\/pages\/842\/revisions\/847"}],"up":[{"embeddable":true,"href":"https:\/\/homeprojetos.com.br\/casasdemadeira\/wp-json\/wp\/v2\/pages\/64"}],"wp:attachment":[{"href":"https:\/\/homeprojetos.com.br\/casasdemadeira\/wp-json\/wp\/v2\/media?parent=842"}],"curies":[{"name":"wp","href":"https:\/\/api.w.org\/{rel}","templated":true}]}}